{"id":79,"date":"2022-03-07T15:05:20","date_gmt":"2022-03-07T14:05:20","guid":{"rendered":"https:\/\/v-comp.ch.webhost.v-comp.ch\/?page_id=79"},"modified":"2023-03-26T17:17:16","modified_gmt":"2023-03-26T15:17:16","slug":"rolunk","status":"publish","type":"page","link":"https:\/\/www.v-comp.hu\/?page_id=79","title":{"rendered":"C\u00e9gportr\u00e9"},"content":{"rendered":"\n<div class=\"wp-block-columns is-layout-flex wp-container-core-columns-is-layout-9d6595d7 wp-block-columns-is-layout-flex\">\n<div class=\"wp-block-column is-layout-flow wp-block-column-is-layout-flow\" style=\"flex-basis:33.33%\">\n<figure class=\"wp-block-image size-full\"><img loading=\"lazy\" decoding=\"async\" width=\"305\" height=\"140\" src=\"https:\/\/www.v-comp.hu\/wp-content\/uploads\/2022\/03\/rolunk-hu.jpg\" alt=\"\" class=\"wp-image-50\" srcset=\"https:\/\/www.v-comp.hu\/wp-content\/uploads\/2022\/03\/rolunk-hu.jpg 305w, https:\/\/www.v-comp.hu\/wp-content\/uploads\/2022\/03\/rolunk-hu-300x138.jpg 300w\" sizes=\"auto, (max-width: 305px) 85vw, 305px\" \/><\/figure>\n<\/div>\n\n\n\n<div class=\"wp-block-column is-layout-flow wp-block-column-is-layout-flow\" style=\"flex-basis:66.66%\">\n<p class=\"has-text-align-justify\">C\u00e9g\u00fcnk a V-Comp Kft. informatikai szolg\u00e1ltat\u00e1s, tan\u00e1csad\u00e1s profillal 1993-ban alkult.<\/p>\n\n\n\n<h2 class=\"wp-block-heading\">Informatkai Tan\u00e1csad\u00e1s<\/h2>\n\n\n\n<p class=\"has-text-align-justify\">Kompetenciater\u00fclet\u00fcnk sz\u00e9les palett\u00e1t \u00f6lel \u00e1t. Az \u00fczleti elemz\u00e9st\u0151l kezdve a megval\u00f3s\u00edthat\u00f3s\u00e1gi tanulm\u00e1nyokon \u00e1t a rendszertervez\u00e9sig, projekt bonyol\u00edt\u00e1sig tudjuk \u00fcgyfeleinket a modern technol\u00f3gi\u00e1k vil\u00e1g\u00e1ban t\u00e1mogatni.<\/p>\n\n\n\n<h2 class=\"wp-block-heading\">Projektbonyol\u00edt\u00e1s<\/h2>\n\n\n\n<p class=\"has-text-align-justify\">\u00dcgyfeleinknek &#8220;csak&#8221; d\u00f6nteni kell egy projekt megval\u00f3s\u00edt\u00e1s\u00e1r\u00f3l \u00e9s mi k\u00e9szen \u00e1llunk a projekt elemz\u00e9s\u00e9t\u0151l, el\u0151k\u00e9sz\u00edt\u00e9s\u00e9t\u0151l kezdve a megval\u00f3s\u00edt\u00e1son, tesztel\u00e9sen \u00e9s \u00fczembehelyez\u00e9sen, majd karbantart\u00e1son kereszt\u00fcl v\u00e9gigk\u00eds\u00e9rni a projekt teljes \u00e9letciklus\u00e1t. Ha egy projekt el\u0151k\u00e9sz\u00edt\u00e9se m\u00e1r megt\u00f6rt\u00e9nt, rendelkez\u00e9sre \u00e1llunk a megval\u00f3s\u00edt\u00e1s teljes vagy ak\u00e1r r\u00e9szleges \u00e1tv\u00e1llal\u00e1s\u00e1ra. Projekt \u00e9s \u00fcgyf\u00e9lig\u00e9nyekt\u0151l f\u00fcgg\u0151en helysz\u00edni vagy t\u00e1voli (nearshore) konstrukci\u00f3ban is v\u00e1llaljuk a feladatok elv\u00e9gz\u00e9s\u00e9t. A modern kommunik\u00e1ci\u00f3s technol\u00f3gi\u00e1k seg\u00edts\u00e9g\u00e9vel egy t\u00e1voli fejleszt\u00e9s nem okozhat semmilyen probl\u00e9m\u00e1t: rendelkez\u00fcnk a sz\u00fcks\u00e9ges technol\u00f3gi\u00e1val \u00e9s tud\u00e1ssal, mellyel ezeket a kommunik\u00e1ci\u00f3s csatorn\u00e1kat biztons\u00e1gosan tudjuk bevetni. Mindezek seg\u00edts\u00e9g\u00e9vel gyakorlatilag egy nagyon szoros, online egy\u00fcttm\u0171k\u00f6d\u00e9s val\u00f3s\u00edthat\u00f3 meg, sz\u00fcks\u00e9g eset\u00e9n koll\u00e9g\u00e1ink k\u00f6zvetlen\u00fcl is el\u00e9rhet\u0151ek. Nagy hangs\u00falyt fektet\u00fcnk a kommunik\u00e1ci\u00f3ra \u00e9s ennek megfelel\u0151en legt\u00f6bb koll\u00e9g\u00e1nk az angol mellett n\u00e9met\u00fcl is besz\u00e9l.<\/p>\n\n\n\n<p class=\"has-text-align-justify\">Fejleszt\u00e9seink az \u00e1ltal\u00e1nosan bev\u00e1lt ir\u00e1nyelveket k\u00f6vetik. A rendszer koncepci\u00f3 \u00e9s az ehhez tartoz\u00f3 megval\u00f3s\u00edt\u00e1si specifik\u00e1ci\u00f3k elk\u00e9sz\u00fclte ut\u00e1n indtjuk az implement\u00e1ci\u00f3s f\u00e1zist, mellyel egyid\u0151ben megkezd\u0151dik a tesztk\u00f6rnyezetek el\u0151k\u00e9sz\u00edt\u00e9se. Minden tev\u00e9kenys\u00e9get, minden projektterm\u00e9ket verzi\u00f3kontroll rendszerben t\u00e1rolunk. Folyamatosan ellen\u0151rizz\u00fck a fejleszt\u00e9seket, melyeket \u00e9jszak\u00e1nk\u00e9nt automatiz\u00e1ltan gener\u00e1lunk. A problemakezel\u00e9sre szint\u00e9n j\u00f3l bev\u00e1lt eszk\u00f6zk\u00e9nt hibajegykezel\u0151 rendszert alkalmazunk, melynek eredm\u00e9nyek\u00e9ppen folyamatos ellen\u0151rz\u00e9s mellett folyik a hibafeldolgoz\u00e1s \u00e9s a jav\u00edt\u00e1sok \u00e1tv\u00e9tele a term\u00e9k \u00faj verzi\u00f3iba. Term\u00e9keinket sikeres modul-, rendszer- \u00e9s regresszi\u00f3s tesztek ut\u00e1n sz\u00e1ll\u00edtjuk le \u00fcgyfeleinknek.<\/p>\n\n\n\n<p class=\"has-text-align-justify\">Az igazi \u00e9letciklus a software-term\u00e9k lesz\u00e1ll\u00edt\u00e1sa ut\u00e1n kezd\u0151dik, hiszen ilyenkor egy \u00e9les \u00fczemben m\u0171k\u00f6d\u0151 rendszert kell t\u00e1mogatni \u00e9s rendszerint folyamatosan tov\u00e1bbfejleszteni. Term\u00e9szetesen \u00fcgyfeleink rendelkez\u00e9sre \u00e1llunk ezekben a term\u00e9kt\u00e1mogat\u00e1si \u00e9s karbantart\u00e1si feladatokban is.<\/p>\n\n\n\n<h2 class=\"wp-block-heading\">Min\u0151s\u00e9gbiztos\u00edt\u00e1s, Szolg\u00e1ltat\u00e1s- \u00e9s Alkalmaz\u00e1smanagement<\/h2>\n\n\n\n<p class=\"has-text-align-justify\">Folyamatok \u00e9s term\u00e9kek csak akkor k\u00e9sz\u00fclhetnek min\u0151s\u00e9gi kivitelben, ha a c\u00e9lok, m\u00f3dszerek \u00e9s keretfelt\u00e9telek adottak, defini\u00e1ltak. Ennek megfelel\u0151en vezett\u00fcnk be magunk is min\u0151s\u00e9gi krit\u00e9riumokat \u00e9s min\u0151s\u00e9gbiztos\u00edt\u00e1st saj\u00e1t \u00fcgymenet\u00fcnkben.<\/p>\n\n\n\n<p class=\"has-text-align-justify\">Sz\u00edvesen \u00e1llunk \u00fcgyfeleink rendelkez\u00e9s\u00e9re ezir\u00e1ny\u00fa tapasztalataink megoszt\u00e1s\u00e1ban. K\u00fcl\u00f6n\u00f6sen az informatikai ter\u00fcleten tudunk kiforrott megold\u00e1sokat k\u00edn\u00e1lni a HW\/SW\/alkalmaz\u00e1smanagement ter\u00fcleten min\u0151s\u00e9gellen\u0151rz\u00e9si, szolg\u00e1ltat\u00e1sfel\u00fcgyeleti \u00e9s ellen\u0151rz\u00e9si funkci\u00f3kra.<\/p>\n<\/div>\n<\/div>\n\n\n\n<p><\/p>\n","protected":false},"excerpt":{"rendered":"<p>C\u00e9g\u00fcnk a V-Comp Kft. informatikai szolg\u00e1ltat\u00e1s, tan\u00e1csad\u00e1s profillal 1993-ban alkult. Informatkai Tan\u00e1csad\u00e1s Kompetenciater\u00fclet\u00fcnk sz\u00e9les palett\u00e1t \u00f6lel \u00e1t. Az \u00fczleti elemz\u00e9st\u0151l kezdve a megval\u00f3s\u00edthat\u00f3s\u00e1gi tanulm\u00e1nyokon \u00e1t a rendszertervez\u00e9sig, projekt bonyol\u00edt\u00e1sig tudjuk \u00fcgyfeleinket a modern technol\u00f3gi\u00e1k vil\u00e1g\u00e1ban t\u00e1mogatni. Projektbonyol\u00edt\u00e1s \u00dcgyfeleinknek &#8220;csak&#8221; d\u00f6nteni kell egy projekt megval\u00f3s\u00edt\u00e1s\u00e1r\u00f3l \u00e9s mi k\u00e9szen \u00e1llunk a projekt elemz\u00e9s\u00e9t\u0151l, el\u0151k\u00e9sz\u00edt\u00e9s\u00e9t\u0151l kezdve a megval\u00f3s\u00edt\u00e1son, &hellip; <a href=\"https:\/\/www.v-comp.hu\/?page_id=79\" class=\"more-link\">Continue reading<span class=\"screen-reader-text\"> &#8220;C\u00e9gportr\u00e9&#8221;<\/span><\/a><\/p>\n","protected":false},"author":1,"featured_media":0,"parent":0,"menu_order":0,"comment_status":"closed","ping_status":"closed","template":"","meta":{"_editorskit_title_hidden":false,"_editorskit_reading_time":0,"_editorskit_is_block_options_detached":false,"_editorskit_block_options_position":"{}","footnotes":""},"class_list":["post-79","page","type-page","status-publish","hentry"],"_links":{"self":[{"href":"https:\/\/www.v-comp.hu\/index.php?rest_route=\/wp\/v2\/pages\/79","targetHints":{"allow":["GET"]}}],"collection":[{"href":"https:\/\/www.v-comp.hu\/index.php?rest_route=\/wp\/v2\/pages"}],"about":[{"href":"https:\/\/www.v-comp.hu\/index.php?rest_route=\/wp\/v2\/types\/page"}],"author":[{"embeddable":true,"href":"https:\/\/www.v-comp.hu\/index.php?rest_route=\/wp\/v2\/users\/1"}],"replies":[{"embeddable":true,"href":"https:\/\/www.v-comp.hu\/index.php?rest_route=%2Fwp%2Fv2%2Fcomments&post=79"}],"version-history":[{"count":3,"href":"https:\/\/www.v-comp.hu\/index.php?rest_route=\/wp\/v2\/pages\/79\/revisions"}],"predecessor-version":[{"id":778,"href":"https:\/\/www.v-comp.hu\/index.php?rest_route=\/wp\/v2\/pages\/79\/revisions\/778"}],"wp:attachment":[{"href":"https:\/\/www.v-comp.hu\/index.php?rest_route=%2Fwp%2Fv2%2Fmedia&parent=79"}],"curies":[{"name":"wp","href":"https:\/\/api.w.org\/{rel}","templated":true}]}}